{"id":1920,"date":"2019-07-16T11:13:58","date_gmt":"2019-07-16T09:13:58","guid":{"rendered":"https:\/\/unterthurnerhof.com\/zimmer-morgensonne\/"},"modified":"2025-12-10T12:20:06","modified_gmt":"2025-12-10T11:20:06","slug":"camera-morgensonne","status":"publish","type":"page","link":"https:\/\/unterthurnerhof.com\/it\/camera-morgensonne\/","title":{"rendered":"Camera Morgensonne"},"content":{"rendered":"[vc_row type=&#8221;in_container&#8221; full_screen_row_position=&#8221;middle&#8221; column_margin=&#8221;default&#8221; column_direction=&#8221;default&#8221; column_direction_tablet=&#8221;default&#8221; column_direction_phone=&#8221;default&#8221; scene_position=&#8221;center&#8221; top_padding=&#8221;4%&#8221; bottom_padding=&#8221;3%&#8221; text_color=&#8221;dark&#8221; text_align=&#8221;left&#8221; row_border_radius=&#8221;none&#8221; row_border_radius_applies=&#8221;bg&#8221; overflow=&#8221;visible&#8221; overlay_strength=&#8221;0.3&#8243; gradient_direction=&#8221;left_to_right&#8221; shape_divider_position=&#8221;bottom&#8221; bg_image_animation=&#8221;none&#8221; shape_type=&#8221;&#8221;][vc_column column_padding=&#8221;no-extra-padding&#8221; column_padding_tablet=&#8221;inherit&#8221; column_padding_phone=&#8221;inherit&#8221; column_padding_position=&#8221;all&#8221; column_element_direction_desktop=&#8221;default&#8221; column_element_spacing=&#8221;default&#8221; desktop_text_alignment=&#8221;default&#8221; tablet_text_alignment=&#8221;default&#8221; phone_text_alignment=&#8221;default&#8221; background_color_opacity=&#8221;1&#8243; background_hover_color_opacity=&#8221;1&#8243; column_backdrop_filter=&#8221;none&#8221; column_shadow=&#8221;none&#8221; column_border_radius=&#8221;none&#8221; column_link_target=&#8221;_self&#8221; column_position=&#8221;default&#8221; gradient_direction=&#8221;left_to_right&#8221; overlay_strength=&#8221;0.3&#8243; width=&#8221;1\/6&#8243; tablet_width_inherit=&#8221;default&#8221; animation_type=&#8221;default&#8221; bg_image_animation=&#8221;none&#8221; border_type=&#8221;simple&#8221; column_border_width=&#8221;none&#8221; column_border_style=&#8221;solid&#8221;][\/vc_column][vc_column column_padding=&#8221;no-extra-padding&#8221; column_padding_tablet=&#8221;inherit&#8221; column_padding_phone=&#8221;inherit&#8221; column_padding_position=&#8221;all&#8221; column_element_direction_desktop=&#8221;default&#8221; column_element_spacing=&#8221;default&#8221; desktop_text_alignment=&#8221;default&#8221; tablet_text_alignment=&#8221;default&#8221; phone_text_alignment=&#8221;default&#8221; background_color_opacity=&#8221;1&#8243; background_hover_color_opacity=&#8221;1&#8243; column_backdrop_filter=&#8221;none&#8221; column_shadow=&#8221;none&#8221; column_border_radius=&#8221;none&#8221; column_link_target=&#8221;_self&#8221; column_position=&#8221;default&#8221; gradient_direction=&#8221;left_to_right&#8221; overlay_strength=&#8221;0.3&#8243; width=&#8221;2\/3&#8243; tablet_width_inherit=&#8221;default&#8221; animation_type=&#8221;default&#8221; bg_image_animation=&#8221;none&#8221; border_type=&#8221;simple&#8221; column_border_width=&#8221;none&#8221; column_border_style=&#8221;solid&#8221;][vc_column_text]<img loading=\"lazy\" decoding=\"async\" class=\"wp-image-1139 size-full aligncenter\" src=\"https:\/\/unterthurnerhof.com\/wordpress\/wp-content\/uploads\/2019\/07\/berg-icon.png\" alt=\"\" width=\"65\" height=\"33\" \/>[\/vc_column_text][vc_column_text css=&#8221;.vc_custom_1570616786647{margin-top: -1% !important;}&#8221;]\n<h2 style=\"text-align: center;\">Camera Morgensonne (19,8m\u00b2 &#8211; 26,4m\u00b2)<\/h2>\n<p style=\"text-align: center;\">Nell\u2019ambiente curato della doppia Morgensonne, la carezza del sole regala il buon umore sin dal risveglio. Che bel modo di cominciare la giornata!<\/p>\n<p style=\"text-align: center;\">La piccola area d&#8217;ingresso offre l&#8217;accesso al locale attiguo e spazialmente separato adiacente o al locale principale. Nella stanza adiacente c&#8217;\u00e8 posto per altre due persone. La camera extra \u00e8 opzionale e pu\u00f2 essere prenotata con un supplemento.<\/p>\n[\/vc_column_text][\/vc_column][vc_column column_padding=&#8221;no-extra-padding&#8221; column_padding_tablet=&#8221;inherit&#8221; column_padding_phone=&#8221;inherit&#8221; column_padding_position=&#8221;all&#8221; column_element_direction_desktop=&#8221;default&#8221; column_element_spacing=&#8221;default&#8221; desktop_text_alignment=&#8221;default&#8221; tablet_text_alignment=&#8221;default&#8221; phone_text_alignment=&#8221;default&#8221; background_color_opacity=&#8221;1&#8243; background_hover_color_opacity=&#8221;1&#8243; column_backdrop_filter=&#8221;none&#8221; column_shadow=&#8221;none&#8221; column_border_radius=&#8221;none&#8221; column_link_target=&#8221;_self&#8221; column_position=&#8221;default&#8221; gradient_direction=&#8221;left_to_right&#8221; overlay_strength=&#8221;0.3&#8243; width=&#8221;1\/6&#8243; tablet_width_inherit=&#8221;default&#8221; animation_type=&#8221;default&#8221; bg_image_animation=&#8221;none&#8221; border_type=&#8221;simple&#8221; column_border_width=&#8221;none&#8221; column_border_style=&#8221;solid&#8221;][\/vc_column][\/vc_row][vc_row type=&#8221;full_width_content&#8221; full_screen_row_position=&#8221;middle&#8221; column_margin=&#8221;default&#8221; equal_height=&#8221;yes&#8221; content_placement=&#8221;middle&#8221; column_direction=&#8221;default&#8221; column_direction_tablet=&#8221;default&#8221; column_direction_phone=&#8221;default&#8221; bg_color=&#8221;#ffffff&#8221; scene_position=&#8221;center&#8221; text_color=&#8221;dark&#8221; text_align=&#8221;left&#8221; row_border_radius=&#8221;none&#8221; row_border_radius_applies=&#8221;bg&#8221; overflow=&#8221;visible&#8221; overlay_strength=&#8221;0.3&#8243; gradient_direction=&#8221;left_to_right&#8221; shape_divider_position=&#8221;bottom&#8221; bg_image_animation=&#8221;none&#8221;][vc_column column_padding=&#8221;padding-5-percent&#8221; column_padding_tablet=&#8221;inherit&#8221; column_padding_phone=&#8221;inherit&#8221; column_padding_position=&#8221;all&#8221; column_element_direction_desktop=&#8221;default&#8221; column_element_spacing=&#8221;default&#8221; desktop_text_alignment=&#8221;default&#8221; tablet_text_alignment=&#8221;default&#8221; phone_text_alignment=&#8221;default&#8221; background_color=&#8221;#efebe7&#8243; background_color_opacity=&#8221;1&#8243; background_hover_color_opacity=&#8221;1&#8243; column_backdrop_filter=&#8221;none&#8221; column_shadow=&#8221;none&#8221; column_border_radius=&#8221;none&#8221; column_link_target=&#8221;_self&#8221; column_position=&#8221;default&#8221; gradient_direction=&#8221;left_to_right&#8221; overlay_strength=&#8221;0.3&#8243; width=&#8221;1\/2&#8243; tablet_width_inherit=&#8221;default&#8221; animation_type=&#8221;default&#8221; bg_image_animation=&#8221;none&#8221; border_type=&#8221;simple&#8221; column_border_width=&#8221;none&#8221; column_border_style=&#8221;solid&#8221;][vc_row_inner column_margin=&#8221;default&#8221; column_direction=&#8221;default&#8221; column_direction_tablet=&#8221;default&#8221; column_direction_phone=&#8221;default&#8221; text_align=&#8221;left&#8221; row_position=&#8221;default&#8221; row_position_tablet=&#8221;inherit&#8221; row_position_phone=&#8221;inherit&#8221; overflow=&#8221;visible&#8221; pointer_events=&#8221;all&#8221;][vc_column_inner column_padding=&#8221;no-extra-padding&#8221; column_padding_tablet=&#8221;inherit&#8221; column_padding_phone=&#8221;inherit&#8221; column_padding_position=&#8221;all&#8221; column_element_direction_desktop=&#8221;default&#8221; column_element_spacing=&#8221;default&#8221; desktop_text_alignment=&#8221;default&#8221; tablet_text_alignment=&#8221;default&#8221; phone_text_alignment=&#8221;default&#8221; background_color_opacity=&#8221;1&#8243; background_hover_color_opacity=&#8221;1&#8243; column_backdrop_filter=&#8221;none&#8221; column_shadow=&#8221;none&#8221; column_border_radius=&#8221;none&#8221; column_link_target=&#8221;_self&#8221; overflow=&#8221;visible&#8221; gradient_direction=&#8221;left_to_right&#8221; overlay_strength=&#8221;0.3&#8243; width=&#8221;1\/1&#8243; tablet_width_inherit=&#8221;default&#8221; animation_type=&#8221;default&#8221; enable_animation=&#8221;true&#8221; animation=&#8221;fade-in-from-bottom&#8221; animation_easing=&#8221;default&#8221; bg_image_animation=&#8221;none&#8221; border_type=&#8221;simple&#8221; column_border_width=&#8221;none&#8221; column_border_style=&#8221;solid&#8221;][vc_custom_heading text=&#8221;La camera \u00e8 dotata di:&#8221; font_container=&#8221;tag:h4|text_align:left&#8221; use_theme_fonts=&#8221;yes&#8221; css=&#8221;.vc_custom_1569480293960{padding-bottom: 3% !important;}&#8221;][vc_column_text]\n<ul>\n<li>Pavimento di vero legno<\/li>\n<li>Riscaldamento a pavimento a regolazione individuale<\/li>\n<li>TV satellitare<\/li>\n<li>Radio<\/li>\n<li>Bagno con porta chiudibile a chiave, finestra e zona WC separabile<\/li>\n<li>Asciugacapelli<\/li>\n<li>Biancheria da letto e da bagno fresca di lavanderia<\/li>\n<li>Confortevole poltrona a orecchioni<\/li>\n<li>Scrivania<\/li>\n<li>Ampia terrazza panoramica<\/li>\n<li>Piccola area ingresso separata<\/li>\n<li>Cassaforte<\/li>\n<li>Una borsa SPA per ciascun ospite, a disposizione per la durata del soggiorno, con soffice accappatoio, ampio telo per la sauna e ciabattine di spugna (a partire da 2 giorni di soggiorno)<\/li>\n<\/ul>\n[\/vc_column_text][\/vc_column_inner][\/vc_row_inner][\/vc_column][vc_column column_padding=&#8221;padding-4-percent&#8221; column_padding_tablet=&#8221;inherit&#8221; column_padding_phone=&#8221;inherit&#8221; column_padding_position=&#8221;all&#8221; column_element_direction_desktop=&#8221;default&#8221; column_element_spacing=&#8221;default&#8221; centered_text=&#8221;true&#8221; desktop_text_alignment=&#8221;default&#8221; tablet_text_alignment=&#8221;default&#8221; phone_text_alignment=&#8221;default&#8221; background_color_opacity=&#8221;1&#8243; background_hover_color_opacity=&#8221;1&#8243; background_image=&#8221;1171&#8243; background_image_position=&#8221;center center&#8221; background_image_stacking=&#8221;default&#8221; enable_bg_scale=&#8221;true&#8221; background_image_loading=&#8221;default&#8221; column_backdrop_filter=&#8221;none&#8221; column_shadow=&#8221;none&#8221; column_border_radius=&#8221;none&#8221; column_link_target=&#8221;_self&#8221; column_position=&#8221;default&#8221; gradient_direction=&#8221;left_to_right&#8221; overlay_strength=&#8221;0.3&#8243; width=&#8221;1\/2&#8243; tablet_width_inherit=&#8221;default&#8221; animation_type=&#8221;default&#8221; bg_image_animation=&#8221;none&#8221; border_type=&#8221;simple&#8221; column_border_width=&#8221;none&#8221; column_border_style=&#8221;solid&#8221;][nectar_btn size=&#8221;jumbo&#8221; button_style=&#8221;see-through-2&#8243; color_override=&#8221;#ffffff&#8221; hover_text_color_override=&#8221;#ffffff&#8221; icon_family=&#8221;default_arrow&#8221; url=&#8221;https:\/\/unterthurnerhof.com\/it\/richiesta\/&#8221; text=&#8221;Richiesta senza impegno&#8221;][\/vc_column][\/vc_row][vc_row type=&#8221;full_width_content&#8221; full_screen_row_position=&#8221;middle&#8221; column_margin=&#8221;default&#8221; equal_height=&#8221;yes&#8221; content_placement=&#8221;middle&#8221; column_direction=&#8221;default&#8221; column_direction_tablet=&#8221;default&#8221; column_direction_phone=&#8221;default&#8221; scene_position=&#8221;center&#8221; bottom_padding=&#8221;3%&#8221; text_color=&#8221;dark&#8221; text_align=&#8221;left&#8221; row_border_radius=&#8221;none&#8221; row_border_radius_applies=&#8221;bg&#8221; overflow=&#8221;visible&#8221; overlay_strength=&#8221;0.3&#8243; gradient_direction=&#8221;left_to_right&#8221; shape_divider_position=&#8221;bottom&#8221; bg_image_animation=&#8221;none&#8221; shape_type=&#8221;&#8221;][vc_column column_padding=&#8221;no-extra-padding&#8221; column_padding_tablet=&#8221;inherit&#8221; column_padding_phone=&#8221;inherit&#8221; column_padding_position=&#8221;all&#8221; column_element_direction_desktop=&#8221;default&#8221; column_element_spacing=&#8221;default&#8221; desktop_text_alignment=&#8221;default&#8221; tablet_text_alignment=&#8221;default&#8221; phone_text_alignment=&#8221;default&#8221; background_color_opacity=&#8221;1&#8243; background_hover_color_opacity=&#8221;1&#8243; background_image=&#8221;1247&#8243; background_image_position=&#8221;center center&#8221; background_image_stacking=&#8221;default&#8221; enable_bg_scale=&#8221;true&#8221; background_image_loading=&#8221;default&#8221; column_backdrop_filter=&#8221;none&#8221; column_shadow=&#8221;none&#8221; column_border_radius=&#8221;none&#8221; column_link_target=&#8221;_self&#8221; column_position=&#8221;default&#8221; gradient_direction=&#8221;left_to_right&#8221; overlay_strength=&#8221;0.3&#8243; width=&#8221;1\/2&#8243; tablet_width_inherit=&#8221;default&#8221; animation_type=&#8221;default&#8221; bg_image_animation=&#8221;none&#8221; border_type=&#8221;simple&#8221; column_border_width=&#8221;none&#8221; column_border_style=&#8221;solid&#8221;][vc_row_inner column_margin=&#8221;default&#8221; column_direction=&#8221;default&#8221; column_direction_tablet=&#8221;default&#8221; column_direction_phone=&#8221;default&#8221; text_align=&#8221;left&#8221; row_position=&#8221;default&#8221; row_position_tablet=&#8221;inherit&#8221; row_position_phone=&#8221;inherit&#8221; overflow=&#8221;visible&#8221; pointer_events=&#8221;all&#8221;][vc_column_inner column_padding=&#8221;no-extra-padding&#8221; column_padding_tablet=&#8221;inherit&#8221; column_padding_phone=&#8221;inherit&#8221; column_padding_position=&#8221;all&#8221; column_element_direction_desktop=&#8221;default&#8221; column_element_spacing=&#8221;default&#8221; desktop_text_alignment=&#8221;default&#8221; tablet_text_alignment=&#8221;default&#8221; phone_text_alignment=&#8221;default&#8221; background_color_opacity=&#8221;1&#8243; background_hover_color_opacity=&#8221;1&#8243; column_backdrop_filter=&#8221;none&#8221; column_shadow=&#8221;none&#8221; column_border_radius=&#8221;none&#8221; column_link_target=&#8221;_self&#8221; overflow=&#8221;visible&#8221; gradient_direction=&#8221;left_to_right&#8221; overlay_strength=&#8221;0.3&#8243; width=&#8221;1\/1&#8243; tablet_width_inherit=&#8221;default&#8221; animation_type=&#8221;default&#8221; bg_image_animation=&#8221;none&#8221; border_type=&#8221;simple&#8221; column_border_width=&#8221;none&#8221; column_border_style=&#8221;solid&#8221;][divider line_type=&#8221;No Line&#8221; custom_height=&#8221;200&#8243;][\/vc_column_inner][\/vc_row_inner][\/vc_column][vc_column column_padding=&#8221;padding-5-percent&#8221; column_padding_tablet=&#8221;inherit&#8221; column_padding_phone=&#8221;inherit&#8221; column_padding_position=&#8221;all&#8221; column_element_direction_desktop=&#8221;default&#8221; column_element_spacing=&#8221;default&#8221; desktop_text_alignment=&#8221;default&#8221; tablet_text_alignment=&#8221;default&#8221; phone_text_alignment=&#8221;default&#8221; background_color=&#8221;#efebe7&#8243; background_color_opacity=&#8221;1&#8243; background_hover_color_opacity=&#8221;1&#8243; column_backdrop_filter=&#8221;none&#8221; column_shadow=&#8221;none&#8221; column_border_radius=&#8221;none&#8221; column_link_target=&#8221;_self&#8221; column_position=&#8221;default&#8221; gradient_direction=&#8221;left_to_right&#8221; overlay_strength=&#8221;0.3&#8243; width=&#8221;1\/2&#8243; tablet_width_inherit=&#8221;default&#8221; animation_type=&#8221;default&#8221; bg_image_animation=&#8221;none&#8221; border_type=&#8221;simple&#8221; column_border_width=&#8221;none&#8221; column_border_style=&#8221;solid&#8221;][vc_row_inner column_margin=&#8221;default&#8221; column_direction=&#8221;default&#8221; column_direction_tablet=&#8221;default&#8221; column_direction_phone=&#8221;default&#8221; text_align=&#8221;left&#8221; row_position=&#8221;default&#8221; row_position_tablet=&#8221;inherit&#8221; row_position_phone=&#8221;inherit&#8221; overflow=&#8221;visible&#8221; pointer_events=&#8221;all&#8221;][vc_column_inner column_padding=&#8221;no-extra-padding&#8221; column_padding_tablet=&#8221;inherit&#8221; column_padding_phone=&#8221;inherit&#8221; column_padding_position=&#8221;all&#8221; column_element_direction_desktop=&#8221;default&#8221; column_element_spacing=&#8221;default&#8221; desktop_text_alignment=&#8221;default&#8221; tablet_text_alignment=&#8221;default&#8221; phone_text_alignment=&#8221;default&#8221; background_color_opacity=&#8221;1&#8243; background_hover_color_opacity=&#8221;1&#8243; column_backdrop_filter=&#8221;none&#8221; column_shadow=&#8221;none&#8221; column_border_radius=&#8221;none&#8221; column_link_target=&#8221;_self&#8221; overflow=&#8221;visible&#8221; gradient_direction=&#8221;left_to_right&#8221; overlay_strength=&#8221;0.3&#8243; width=&#8221;1\/1&#8243; tablet_width_inherit=&#8221;default&#8221; animation_type=&#8221;default&#8221; enable_animation=&#8221;true&#8221; animation=&#8221;fade-in-from-bottom&#8221; animation_easing=&#8221;default&#8221; bg_image_animation=&#8221;none&#8221; border_type=&#8221;simple&#8221; column_border_width=&#8221;none&#8221; column_border_style=&#8221;solid&#8221;][vc_column_text css=&#8221;&#8221; text_direction=&#8221;default&#8221;]<strong>WLAN\u2028<\/strong><br \/>\nAbbiamo deciso di evitare il collegamento WLAN nelle nostre camere per potervi offrire un ambiente il pi\u00f9 possibile privo di radiazioni. Se desiderate accedere a Internet potete comunque utilizzare la connessione LAN disponibile in camera, per la quale siamo lieti di mettervi a disposizione l\u2019apposito cavo.<\/p>\n<p><strong>Camera aggiuntiva<\/strong><br \/>\nSu richiesta \u00e8 possibile aggiungere la camera per bambini adiacente, separata, per ospitare fino a 4 persone.<\/p>\n<p><strong>Mobili in legno massiccio<\/strong><br \/>\nPer assicurarvi un sano riposo, abbiamo arredato le nostre camere con mobili in legno massiccio. Il legno proviene dagli alberi del nostro bosco, coltivati in modo sostenibile e tagliati durante la giusta fase lunare dal nostro Georg in persona.<\/p>\n<p><strong>Divieto di fumo\u2028<\/strong><br \/>\nPer ragioni di sicurezza antincendio \u00e8 vietato fumare nelle camere e in tutto l\u2019edificio.<\/p>\n<p><strong>Arrivo e partenza<\/strong><br \/>\nOrario di arrivo: dalle 14.30 alle 19.30 (pu\u00f2 essere prolungato previo accordo)\u2028Orario di partenza: entro le 09.30 (\u00e8 possibile prenotare il servizio late checkout fino alle 13.00 con un supplemento di 12,00 \u20ac)<\/p>\n<p><strong>La domenica \u00e8 il giorno di riposo\u2028<\/strong><br \/>\n\u00c8 comunque possibile effettuare il check-in a partire dalle 17.30 e il checkout entro le 09.30. Naturalmente sono garantite anche la colazione. La cena (piatti freddi)\u00a0<span id=\"[14,16]\" class=\"word\">da<\/span>\u00a0<span id=\"[17,25]\" class=\"word\">ordinare<\/span>\u00a0<span id=\"[26,28]\" class=\"word\">in<\/span>\u00a0<span id=\"[29,37]\" class=\"word\">anticipo\u00a0<\/span>alle 18.00 .[\/vc_column_text][\/vc_column_inner][\/vc_row_inner][\/vc_column][\/vc_row][vc_row type=&#8221;in_container&#8221; full_screen_row_position=&#8221;middle&#8221; column_margin=&#8221;default&#8221; column_direction=&#8221;default&#8221; column_direction_tablet=&#8221;default&#8221; column_direction_phone=&#8221;default&#8221; scene_position=&#8221;center&#8221; top_padding=&#8221;2%&#8221; bottom_padding=&#8221;1%&#8221; text_color=&#8221;dark&#8221; text_align=&#8221;left&#8221; row_border_radius=&#8221;none&#8221; row_border_radius_applies=&#8221;bg&#8221; overflow=&#8221;visible&#8221; overlay_strength=&#8221;0.3&#8243; gradient_direction=&#8221;left_to_right&#8221; shape_divider_position=&#8221;bottom&#8221; bg_image_animation=&#8221;none&#8221; shape_type=&#8221;&#8221;][vc_column column_padding=&#8221;no-extra-padding&#8221; column_padding_tablet=&#8221;inherit&#8221; column_padding_phone=&#8221;inherit&#8221; column_padding_position=&#8221;all&#8221; column_element_direction_desktop=&#8221;default&#8221; column_element_spacing=&#8221;default&#8221; desktop_text_alignment=&#8221;default&#8221; tablet_text_alignment=&#8221;default&#8221; phone_text_alignment=&#8221;default&#8221; background_color_opacity=&#8221;1&#8243; background_hover_color_opacity=&#8221;1&#8243; column_backdrop_filter=&#8221;none&#8221; column_shadow=&#8221;none&#8221; column_border_radius=&#8221;none&#8221; column_link_target=&#8221;_self&#8221; column_position=&#8221;default&#8221; gradient_direction=&#8221;left_to_right&#8221; overlay_strength=&#8221;0.3&#8243; width=&#8221;1\/1&#8243; tablet_width_inherit=&#8221;default&#8221; animation_type=&#8221;default&#8221; bg_image_animation=&#8221;none&#8221; border_type=&#8221;simple&#8221; column_border_width=&#8221;none&#8221; column_border_style=&#8221;solid&#8221;][vc_column_text]<img loading=\"lazy\" decoding=\"async\" class=\"wp-image-1139 size-full aligncenter\" src=\"https:\/\/unterthurnerhof.com\/wordpress\/wp-content\/uploads\/2019\/07\/berg-icon.png\" alt=\"\" width=\"65\" height=\"33\" \/>[\/vc_column_text][vc_column_text css=&#8221;.vc_custom_1569480487737{margin-top: -1% !important;}&#8221;]\n<h2 style=\"text-align: center;\">Prezzi<\/h2>\n<h3 style=\"text-align: center;\">Camera doppia \u201eMorgensonne\u201c<\/h3>\n[\/vc_column_text][\/vc_column][\/vc_row][vc_row type=&#8221;in_container&#8221; full_screen_row_position=&#8221;middle&#8221; column_margin=&#8221;default&#8221; column_direction=&#8221;default&#8221; column_direction_tablet=&#8221;default&#8221; column_direction_phone=&#8221;default&#8221; scene_position=&#8221;center&#8221; text_color=&#8221;dark&#8221; text_align=&#8221;left&#8221; row_border_radius=&#8221;none&#8221; row_border_radius_applies=&#8221;bg&#8221; overflow=&#8221;visible&#8221; overlay_strength=&#8221;0.3&#8243; gradient_direction=&#8221;left_to_right&#8221; shape_divider_position=&#8221;bottom&#8221; bg_image_animation=&#8221;none&#8221; shape_type=&#8221;&#8221;][vc_column column_padding=&#8221;no-extra-padding&#8221; column_padding_tablet=&#8221;inherit&#8221; column_padding_phone=&#8221;inherit&#8221; column_padding_position=&#8221;all&#8221; column_element_direction_desktop=&#8221;default&#8221; column_element_spacing=&#8221;default&#8221; desktop_text_alignment=&#8221;default&#8221; tablet_text_alignment=&#8221;default&#8221; phone_text_alignment=&#8221;default&#8221; background_color_opacity=&#8221;1&#8243; background_hover_color_opacity=&#8221;1&#8243; column_backdrop_filter=&#8221;none&#8221; column_shadow=&#8221;none&#8221; column_border_radius=&#8221;none&#8221; column_link_target=&#8221;_self&#8221; column_position=&#8221;default&#8221; gradient_direction=&#8221;left_to_right&#8221; overlay_strength=&#8221;0.3&#8243; width=&#8221;1\/1&#8243; tablet_width_inherit=&#8221;default&#8221; animation_type=&#8221;default&#8221; bg_image_animation=&#8221;none&#8221; border_type=&#8221;simple&#8221; column_border_width=&#8221;none&#8221; column_border_style=&#8221;solid&#8221;][vc_row_inner equal_height=&#8221;yes&#8221; column_margin=&#8221;default&#8221; column_direction=&#8221;default&#8221; column_direction_tablet=&#8221;default&#8221; column_direction_phone=&#8221;default&#8221; text_align=&#8221;left&#8221; row_position=&#8221;default&#8221; row_position_tablet=&#8221;inherit&#8221; row_position_phone=&#8221;inherit&#8221; overflow=&#8221;visible&#8221; pointer_events=&#8221;all&#8221;][vc_column_inner column_padding=&#8221;padding-2-percent&#8221; column_padding_tablet=&#8221;inherit&#8221; column_padding_phone=&#8221;inherit&#8221; column_padding_position=&#8221;all&#8221; column_element_direction_desktop=&#8221;default&#8221; column_element_spacing=&#8221;default&#8221; desktop_text_alignment=&#8221;default&#8221; tablet_text_alignment=&#8221;default&#8221; phone_text_alignment=&#8221;default&#8221; background_color=&#8221;#ffffff&#8221; background_color_opacity=&#8221;1&#8243; background_hover_color_opacity=&#8221;1&#8243; column_backdrop_filter=&#8221;none&#8221; column_shadow=&#8221;small_depth&#8221; column_border_radius=&#8221;none&#8221; column_link_target=&#8221;_self&#8221; overflow=&#8221;visible&#8221; gradient_direction=&#8221;left_to_right&#8221; overlay_strength=&#8221;0.3&#8243; width=&#8221;1\/3&#8243; tablet_width_inherit=&#8221;default&#8221; animation_type=&#8221;default&#8221; bg_image_animation=&#8221;none&#8221; border_type=&#8221;simple&#8221; column_border_width=&#8221;none&#8221; column_border_style=&#8221;solid&#8221;][vc_custom_heading text=&#8221;27.03.26 \u2013 08.11.26&#8243; font_container=&#8221;tag:h6|text_align:center|color:%23778b2f&#8221; use_theme_fonts=&#8221;yes&#8221; css=&#8221;.vc_custom_1765365547736{padding-bottom: 2% !important;}&#8221;][vc_custom_heading text=&#8221;64,00 \u20ac p. P.&#8221; font_container=&#8221;tag:h2|text_align:center&#8221; use_theme_fonts=&#8221;yes&#8221; css=&#8221;&#8221;][\/vc_column_inner][vc_column_inner column_padding=&#8221;padding-2-percent&#8221; column_padding_tablet=&#8221;inherit&#8221; column_padding_phone=&#8221;inherit&#8221; column_padding_position=&#8221;all&#8221; column_element_direction_desktop=&#8221;default&#8221; column_element_spacing=&#8221;default&#8221; desktop_text_alignment=&#8221;default&#8221; tablet_text_alignment=&#8221;default&#8221; phone_text_alignment=&#8221;default&#8221; background_color=&#8221;#ffffff&#8221; background_color_opacity=&#8221;1&#8243; background_hover_color_opacity=&#8221;1&#8243; column_backdrop_filter=&#8221;none&#8221; column_shadow=&#8221;small_depth&#8221; column_border_radius=&#8221;none&#8221; column_link_target=&#8221;_self&#8221; overflow=&#8221;visible&#8221; gradient_direction=&#8221;left_to_right&#8221; overlay_strength=&#8221;0.3&#8243; width=&#8221;1\/3&#8243; tablet_width_inherit=&#8221;default&#8221; animation_type=&#8221;default&#8221; bg_image_animation=&#8221;none&#8221; border_type=&#8221;simple&#8221; column_border_width=&#8221;none&#8221; column_border_style=&#8221;solid&#8221;][vc_custom_heading text=&#8221;29.06.26 \u2013 06.07.26<br \/>\n01.08.26 \u2013 03.08.26<br \/>\n09.11.26 \u2013 22.03.27&#8243; font_container=&#8221;tag:h6|text_align:center|color:%23444444&#8243; use_theme_fonts=&#8221;yes&#8221; css=&#8221;.vc_custom_1765365569580{padding-bottom: 3% !important;}&#8221;][vc_custom_heading text=&#8221;Siamo impegnati con i lavori del maso o ci concediamo un po\u2019 di riposo.&#8221; font_container=&#8221;tag:p|text_align:center|line_height:21px&#8221; use_theme_fonts=&#8221;yes&#8221;][\/vc_column_inner][vc_column_inner column_padding=&#8221;padding-2-percent&#8221; column_padding_tablet=&#8221;inherit&#8221; column_padding_phone=&#8221;inherit&#8221; column_padding_position=&#8221;all&#8221; column_element_direction_desktop=&#8221;default&#8221; column_element_spacing=&#8221;default&#8221; desktop_text_alignment=&#8221;default&#8221; tablet_text_alignment=&#8221;default&#8221; phone_text_alignment=&#8221;default&#8221; background_color=&#8221;#ffffff&#8221; background_color_opacity=&#8221;1&#8243; background_hover_color_opacity=&#8221;1&#8243; column_backdrop_filter=&#8221;none&#8221; column_shadow=&#8221;small_depth&#8221; column_border_radius=&#8221;none&#8221; column_link_target=&#8221;_self&#8221; overflow=&#8221;visible&#8221; gradient_direction=&#8221;left_to_right&#8221; overlay_strength=&#8221;0.3&#8243; width=&#8221;1\/3&#8243; tablet_width_inherit=&#8221;default&#8221; animation_type=&#8221;default&#8221; bg_image_animation=&#8221;none&#8221; border_type=&#8221;simple&#8221; column_border_width=&#8221;none&#8221; column_border_style=&#8221;solid&#8221;][vc_custom_heading text=&#8221;22.03.27 \u2013 07.11.27&#8243; font_container=&#8221;tag:h6|text_align:center|color:%23778b2f&#8221; use_theme_fonts=&#8221;yes&#8221; css=&#8221;.vc_custom_1765365595016{padding-bottom: 2% !important;}&#8221;][vc_custom_heading text=&#8221;64,50 \u20ac p. P.&#8221; font_container=&#8221;tag:h2|text_align:center&#8221; use_theme_fonts=&#8221;yes&#8221; css=&#8221;&#8221;][\/vc_column_inner][\/vc_row_inner][\/vc_column][\/vc_row][vc_row type=&#8221;in_container&#8221; full_screen_row_position=&#8221;middle&#8221; column_margin=&#8221;default&#8221; column_direction=&#8221;default&#8221; column_direction_tablet=&#8221;default&#8221; column_direction_phone=&#8221;default&#8221; scene_position=&#8221;center&#8221; text_color=&#8221;dark&#8221; text_align=&#8221;left&#8221; row_border_radius=&#8221;none&#8221; row_border_radius_applies=&#8221;bg&#8221; overflow=&#8221;visible&#8221; overlay_strength=&#8221;0.3&#8243; gradient_direction=&#8221;left_to_right&#8221; shape_divider_position=&#8221;bottom&#8221; bg_image_animation=&#8221;none&#8221; shape_type=&#8221;&#8221;][vc_column column_padding=&#8221;no-extra-padding&#8221; column_padding_tablet=&#8221;inherit&#8221; column_padding_phone=&#8221;inherit&#8221; column_padding_position=&#8221;all&#8221; column_element_direction_desktop=&#8221;default&#8221; column_element_spacing=&#8221;default&#8221; desktop_text_alignment=&#8221;default&#8221; tablet_text_alignment=&#8221;default&#8221; phone_text_alignment=&#8221;default&#8221; background_color_opacity=&#8221;1&#8243; background_hover_color_opacity=&#8221;1&#8243; column_backdrop_filter=&#8221;none&#8221; column_shadow=&#8221;none&#8221; column_border_radius=&#8221;none&#8221; column_link_target=&#8221;_self&#8221; column_position=&#8221;default&#8221; gradient_direction=&#8221;left_to_right&#8221; overlay_strength=&#8221;0.3&#8243; width=&#8221;1\/1&#8243; tablet_width_inherit=&#8221;default&#8221; animation_type=&#8221;default&#8221; bg_image_animation=&#8221;none&#8221; border_type=&#8221;simple&#8221; column_border_width=&#8221;none&#8221; column_border_style=&#8221;solid&#8221;][vc_row_inner equal_height=&#8221;yes&#8221; column_margin=&#8221;default&#8221; column_direction=&#8221;default&#8221; column_direction_tablet=&#8221;default&#8221; column_direction_phone=&#8221;default&#8221; text_align=&#8221;left&#8221; row_position=&#8221;default&#8221; row_position_tablet=&#8221;inherit&#8221; row_position_phone=&#8221;inherit&#8221; overflow=&#8221;visible&#8221; pointer_events=&#8221;all&#8221;][vc_column_inner column_padding=&#8221;padding-3-percent&#8221; column_padding_tablet=&#8221;inherit&#8221; column_padding_phone=&#8221;inherit&#8221; column_padding_position=&#8221;all&#8221; column_element_direction_desktop=&#8221;default&#8221; column_element_spacing=&#8221;default&#8221; desktop_text_alignment=&#8221;default&#8221; tablet_text_alignment=&#8221;default&#8221; phone_text_alignment=&#8221;default&#8221; background_color=&#8221;#ffffff&#8221; background_color_opacity=&#8221;1&#8243; background_hover_color_opacity=&#8221;1&#8243; column_backdrop_filter=&#8221;none&#8221; column_shadow=&#8221;small_depth&#8221; column_border_radius=&#8221;none&#8221; column_link_target=&#8221;_self&#8221; overflow=&#8221;visible&#8221; gradient_direction=&#8221;left_to_right&#8221; overlay_strength=&#8221;0.3&#8243; width=&#8221;1\/2&#8243; tablet_width_inherit=&#8221;default&#8221; animation_type=&#8221;default&#8221; bg_image_animation=&#8221;none&#8221; border_type=&#8221;simple&#8221; column_border_width=&#8221;none&#8221; column_border_style=&#8221;solid&#8221;][vc_column_text css=&#8221;&#8221; text_direction=&#8221;default&#8221;]<strong>Il prezzo comprende:<\/strong><\/p>\n<ul>\n<li><a href=\"https:\/\/unterthurnerhof.com\/it\/cucina\/\">Una ricca colazione contadina a scelta<\/a>-I bambini ricevono una colazione sana e adatta ai bambini<\/li>\n<li>Una borsa SPA per la durata del soggiorno (accappatoio, ciabattine e telo per la sauna) anche per bambini (a partire da 2 giorni di soggiorno)<\/li>\n<li>Una occasione di uso esclusivo della <a href=\"https:\/\/unterthurnerhof.com\/it\/zona-benessere\/\">zona benessere<\/a> per ogni settimana di soggiorno<\/li>\n<li>La pulizia camera giornaliera (tranne la domenica), cambio asciugamani gratuito<\/li>\n<li>Un brindisi di benvenuto con liquore fatto in casa<\/li>\n<li>L\u2019uso del frigorifero per gli ospiti nella sala ricreativa, dove potete conservare le vostre vivande<\/li>\n<li>Connessione internet illimitata<\/li>\n<li>sapone fatto in casa a mano da oli di alta qualit\u00e0 in bagno<\/li>\n<li>Servizio navetta per la fermata bus pi\u00f9 vicina, previo accordo<\/li>\n<li><a href=\"https:\/\/unterthurnerhof.com\/it\/vacanze-per-tutti\/\">Attrezzatura per beb\u00e8\/bambini<\/a> (dal letto supplementare\/letto per bambini, baby monitor, seggiolone, sedile per allattare, riduzione del sedile del gabinetto, fasciatoio, scaldabiberon, ecc. )<\/li>\n<li>Mezza pensione per bambini fino a 5 anni gratis (se i genitori hanno prenotato con HP)<\/li>\n<li><a href=\"https:\/\/www.merano-suedtirol.it\/it\/val-passiria\/informazioni-servizi\/informazioni\/biglietti-vantaggiosi\/alto-adige-guest-pass-mobilcard.html\">GuestPass<\/a>Val Passiria (uso di tutti i mezzi pubblici, funivie pubbliche)<\/li>\n<\/ul>\n[\/vc_column_text][\/vc_column_inner][vc_column_inner column_padding=&#8221;padding-3-percent&#8221; column_padding_tablet=&#8221;inherit&#8221; column_padding_phone=&#8221;inherit&#8221; column_padding_position=&#8221;all&#8221; column_element_direction_desktop=&#8221;default&#8221; column_element_spacing=&#8221;default&#8221; desktop_text_alignment=&#8221;default&#8221; tablet_text_alignment=&#8221;default&#8221; phone_text_alignment=&#8221;default&#8221; background_color=&#8221;#efebe7&#8243; background_color_opacity=&#8221;1&#8243; background_hover_color_opacity=&#8221;1&#8243; column_backdrop_filter=&#8221;none&#8221; column_shadow=&#8221;small_depth&#8221; column_border_radius=&#8221;none&#8221; column_link_target=&#8221;_self&#8221; overflow=&#8221;visible&#8221; gradient_direction=&#8221;left_to_right&#8221; overlay_strength=&#8221;0.3&#8243; width=&#8221;1\/2&#8243; tablet_width_inherit=&#8221;default&#8221; animation_type=&#8221;default&#8221; bg_image_animation=&#8221;none&#8221; border_type=&#8221;simple&#8221; column_border_width=&#8221;none&#8221; column_border_style=&#8221;solid&#8221;][vc_column_text css=&#8221;&#8221; text_direction=&#8221;default&#8221;]<strong>Informazioni sui prezzi:<\/strong><\/p>\n<ul>\n<li>Supplemento Morgensonne con camera supplementare scaglionata a seconda dell&#8217;et\u00e0 da 25,-\u20ac al giorno incl. colazione e SPA-Bag (anche per bambini)<\/li>\n<li>Supplemento per soggiorni inferiori a 3 notti<\/li>\n<li>Supplemento cena: 16,00 \u20ac\/persona &#8211; per i bambini fino a 5 anni gratis e fino a 8 anni a prezzo ridotto<\/li>\n<li>Supplemento doppia uso singola: 18,00 \u20ac\/giorno<\/li>\n<li>Tariffa forfettaria cani: 18,00 \u20ac\/giorno, senza cibo ma con tanto spazio per scatenarsi<\/li>\n<li>Imposta di soggiorno (riscossa per conto del Comune): 2,30 \u20ac a persona\/giorno. I bambini sotto i 14 anni sono esenti se esibiscono un documento d\u2019identit\u00e0 valido<\/li>\n<li>Lo sconto bambini varia in base alla fascia di et\u00e0: 0\u20132,99 anni, 3\u20137,99 anni, 8\u201314,99 anni, 15\u201317,99 anni<\/li>\n<li><span class=\"tlid-translation translation\" lang=\"it\"><span class=\"\" title=\"\">Il pagamento con EC \/ carta di credito NON \u00e8 possibile.<\/span> <span class=\"\" title=\"\">Accettiamo solo pagamenti in contanti o bonifici bancari anticipati.<\/span><\/span><\/li>\n<li>I <a href=\"https:\/\/unterthurnerhof.com\/wordpress\/wp-content\/uploads\/2024\/11\/AGB-italienisch-2025.pdf\" target=\"_blank\" rel=\"noopener noreferrer\">termini e le condizioni generali<\/a> dell\u2019alloggio per vacanze Unterthurnerhof sono disponibili <a href=\"https:\/\/unterthurnerhof.com\/wordpress\/wp-content\/uploads\/2024\/11\/AGB-italienisch-2025.pdf\" target=\"_blank\" rel=\"noopener noreferrer\">qui<\/a>.<\/li>\n<\/ul>\n[\/vc_column_text][\/vc_column_inner][\/vc_row_inner][\/vc_column][\/vc_row][vc_row type=&#8221;in_container&#8221; full_screen_row_position=&#8221;middle&#8221; column_margin=&#8221;default&#8221; equal_height=&#8221;yes&#8221; content_placement=&#8221;middle&#8221; column_direction=&#8221;default&#8221; column_direction_tablet=&#8221;default&#8221; column_direction_phone=&#8221;default&#8221; bg_color=&#8221;#778b2f&#8221; scene_position=&#8221;center&#8221; top_padding=&#8221;60&#8243; bottom_padding=&#8221;60&#8243; text_color=&#8221;light&#8221; text_align=&#8221;left&#8221; row_border_radius=&#8221;none&#8221; row_border_radius_applies=&#8221;bg&#8221; overflow=&#8221;visible&#8221; overlay_strength=&#8221;0.95&#8243; gradient_direction=&#8221;left_to_right&#8221; shape_divider_position=&#8221;bottom&#8221; bg_image_animation=&#8221;none&#8221; shape_type=&#8221;&#8221;][vc_column column_padding=&#8221;no-extra-padding&#8221; column_padding_tablet=&#8221;inherit&#8221; column_padding_phone=&#8221;inherit&#8221; column_padding_position=&#8221;all&#8221; column_element_direction_desktop=&#8221;default&#8221; column_element_spacing=&#8221;default&#8221; centered_text=&#8221;true&#8221; desktop_text_alignment=&#8221;default&#8221; tablet_text_alignment=&#8221;center&#8221; phone_text_alignment=&#8221;center&#8221; background_color_opacity=&#8221;1&#8243; background_hover_color_opacity=&#8221;1&#8243; column_backdrop_filter=&#8221;none&#8221; column_shadow=&#8221;none&#8221; column_border_radius=&#8221;none&#8221; column_link_target=&#8221;_self&#8221; column_position=&#8221;default&#8221; gradient_direction=&#8221;left_to_right&#8221; overlay_strength=&#8221;0.3&#8243; width=&#8221;1\/1&#8243; tablet_width_inherit=&#8221;default&#8221; animation_type=&#8221;default&#8221; bg_image_animation=&#8221;none&#8221; border_type=&#8221;simple&#8221; column_border_width=&#8221;none&#8221; column_border_style=&#8221;solid&#8221;][nectar_btn size=&#8221;jumbo&#8221; button_style=&#8221;see-through-2&#8243; color_override=&#8221;#ffffff&#8221; hover_color_override=&#8221;#ffffff&#8221; hover_text_color_override=&#8221;#000000&#8243; icon_family=&#8221;default_arrow&#8221; url=&#8221;https:\/\/unterthurnerhof.com\/it\/richiesta\/&#8221; text=&#8221;Richiesta senza impegno&#8221;][\/vc_column][\/vc_row][vc_row type=&#8221;in_container&#8221; full_screen_row_position=&#8221;middle&#8221; column_margin=&#8221;default&#8221; column_direction=&#8221;default&#8221; column_direction_tablet=&#8221;default&#8221; column_direction_phone=&#8221;default&#8221; scene_position=&#8221;center&#8221; text_color=&#8221;dark&#8221; text_align=&#8221;left&#8221; row_border_radius=&#8221;none&#8221; row_border_radius_applies=&#8221;bg&#8221; overflow=&#8221;visible&#8221; overlay_strength=&#8221;0.3&#8243; gradient_direction=&#8221;left_to_right&#8221; shape_divider_position=&#8221;bottom&#8221; bg_image_animation=&#8221;none&#8221;][vc_column column_padding=&#8221;padding-3-percent&#8221; column_padding_tablet=&#8221;inherit&#8221; column_padding_phone=&#8221;inherit&#8221; column_padding_position=&#8221;all&#8221; column_element_direction_desktop=&#8221;default&#8221; column_element_spacing=&#8221;default&#8221; desktop_text_alignment=&#8221;default&#8221; tablet_text_alignment=&#8221;default&#8221; phone_text_alignment=&#8221;default&#8221; background_color=&#8221;#ffffff&#8221; background_color_opacity=&#8221;1&#8243; background_hover_color_opacity=&#8221;1&#8243; column_backdrop_filter=&#8221;none&#8221; column_shadow=&#8221;none&#8221; column_border_radius=&#8221;none&#8221; column_link_target=&#8221;_self&#8221; column_position=&#8221;default&#8221; gradient_direction=&#8221;left_to_right&#8221; overlay_strength=&#8221;0.3&#8243; width=&#8221;1\/1&#8243; tablet_width_inherit=&#8221;default&#8221; animation_type=&#8221;default&#8221; bg_image_animation=&#8221;none&#8221; border_type=&#8221;simple&#8221; column_border_width=&#8221;none&#8221; column_border_style=&#8221;solid&#8221;][vc_column_text css=&#8221;&#8221; text_direction=&#8221;default&#8221;]<strong>Cancellazione:<\/strong><\/p>\n<p>Che cosa triste, dover cancellare una meritata vacanza! Si fa esplicito riferimento alle disposizioni artt. 45-67 del codice di consumo italiano d.lgs. 206\/2005. Il Codice del Consumo non prevede il diritto di recesso, ma noi vi offriamo comunque la possibilit\u00e0 di cancellare la prenotazione, nel rispetto del dell\u2019art. 1382 c.c. e secondo le seguenti condizioni:<\/p>\n<ul>\n<li>Per prenotazioni cancellate fino a 30 giorni prima dell\u2019arrivo tratteniamo solo la caparra<\/li>\n<li>Da 29 a 14 prima dell\u2019arrivo addebitiamo il 40% del prezzo del soggiorno<\/li>\n<li>Da 13 a 3 giorni prima dell\u2019arrivo addebitiamo il 70% del prezzo del soggiorno<\/li>\n<li>Per cancellazioni effettuate con meno di 2 giorni di preavviso e in caso di no-show, arrivo posticipato o partenza anticipata addebitiamo il 100% del prezzo<\/li>\n<\/ul>\n<p>La prenotazione si ritiene confermata e vincolante solo alla ricezione della caparra (pari al 20% del prezzo del soggiorno, min. 35\u20ac\/persona). Per proteggervi da eventuali penali di cancellazione vi consigliamo di stipulare <a href=\"https:\/\/www.europaeische.at\/pip\/it\/uss-it\" target=\"_blank\" rel=\"noopener noreferrer\">la nostra assicurazione Gallo Rosso<\/a>. Cliccando <a href=\"http:\/\/hotel.europaeische.at\/roterhahn?AGN=10016966\" target=\"_blank\" rel=\"noopener noreferrer\">qui<\/a> potrete farlo direttamente online, ma se vi serve aiuto saremo lieti di assistervi.<br \/>\nEffettuando la prenotazione l\u2019ospite accetta i nostri termini e condizioni generali e le condizioni di cancellazione. La prenotazione \u00e8 definitiva dopo il versamento di una caparra confirmatoria e l\u2019invio di una conferma della prenotazione. La caparra confirmatoria non viene restituito nel caso di un annullamento.<\/p>\n<p>Informazione obbligatoria<br \/>\nai sensi del Regolamento UE n. 524\/2016 del Parlamento europeo e del Consiglio Piattaforma per la risoluzione delle controversie online dei consumatori (ODR) della Commissione europea:\u00a0<a href=\"http:\/\/ec.europa.eu\/consumers\/odr\/\" target=\"_blank\" rel=\"noopener noreferrer\">http:\/\/ec.europa.eu\/consumers\/odr\/<\/a>[\/vc_column_text][\/vc_column][\/vc_row][vc_row type=&#8221;in_container&#8221; full_screen_row_position=&#8221;middle&#8221; column_margin=&#8221;default&#8221; column_direction=&#8221;default&#8221; column_direction_tablet=&#8221;default&#8221; column_direction_phone=&#8221;default&#8221; scene_position=&#8221;center&#8221; text_color=&#8221;dark&#8221; text_align=&#8221;left&#8221; row_border_radius=&#8221;none&#8221; row_border_radius_applies=&#8221;bg&#8221; overflow=&#8221;visible&#8221; overlay_strength=&#8221;0.3&#8243; gradient_direction=&#8221;left_to_right&#8221; shape_divider_position=&#8221;bottom&#8221; bg_image_animation=&#8221;none&#8221;][vc_column column_padding=&#8221;no-extra-padding&#8221; column_padding_tablet=&#8221;inherit&#8221; column_padding_phone=&#8221;inherit&#8221; column_padding_position=&#8221;all&#8221; column_element_direction_desktop=&#8221;default&#8221; column_element_spacing=&#8221;default&#8221; desktop_text_alignment=&#8221;default&#8221; tablet_text_alignment=&#8221;default&#8221; phone_text_alignment=&#8221;default&#8221; background_color_opacity=&#8221;1&#8243; background_hover_color_opacity=&#8221;1&#8243; column_backdrop_filter=&#8221;none&#8221; column_shadow=&#8221;none&#8221; column_border_radius=&#8221;none&#8221; column_link_target=&#8221;_self&#8221; column_position=&#8221;default&#8221; gradient_direction=&#8221;left_to_right&#8221; overlay_strength=&#8221;0.3&#8243; width=&#8221;1\/1&#8243; tablet_width_inherit=&#8221;default&#8221; animation_type=&#8221;default&#8221; bg_image_animation=&#8221;none&#8221; border_type=&#8221;simple&#8221; column_border_width=&#8221;none&#8221; column_border_style=&#8221;solid&#8221;][vc_gallery type=&#8221;image_grid&#8221; images=&#8221;1245,1263,1264,1266,1267,2308&#8243; image_grid_loading=&#8221;default&#8221; display_title_caption=&#8221;true&#8221; layout=&#8221;3&#8243; item_spacing=&#8221;default&#8221; gallery_style=&#8221;7&#8243; load_in_animation=&#8221;none&#8221;][\/vc_column][\/vc_row]\n","protected":false},"excerpt":{"rendered":"<p>[vc_row type=&#8221;in_container&#8221; full_screen_row_position=&#8221;middle&#8221; column_margin=&#8221;default&#8221; column_direction=&#8221;default&#8221; column_direction_tablet=&#8221;default&#8221; column_direction_phone=&#8221;default&#8221; scene_position=&#8221;center&#8221; top_padding=&#8221;4%&#8221; bottom_padding=&#8221;3%&#8221; text_color=&#8221;dark&#8221; text_align=&#8221;left&#8221; row_border_radius=&#8221;none&#8221; row_border_radius_applies=&#8221;bg&#8221; overflow=&#8221;visible&#8221; overlay_strength=&#8221;0.3&#8243; gradient_direction=&#8221;left_to_right&#8221; shape_divider_position=&#8221;bottom&#8221; bg_image_animation=&#8221;none&#8221; shape_type=&#8221;&#8221;][vc_column column_padding=&#8221;no-extra-padding&#8221; column_padding_tablet=&#8221;inherit&#8221; column_padding_phone=&#8221;inherit&#8221; column_padding_position=&#8221;all&#8221; column_element_direction_desktop=&#8221;default&#8221; column_element_spacing=&#8221;default&#8221; desktop_text_alignment=&#8221;default&#8221; tablet_text_alignment=&#8221;default&#8221; phone_text_alignment=&#8221;default&#8221; background_color_opacity=&#8221;1&#8243;&#8230;<\/p>\n","protected":false},"author":3,"featured_media":0,"parent":0,"menu_order":6,"comment_status":"closed","ping_status":"closed","template":"","meta":{"footnotes":""},"class_list":["post-1920","page","type-page","status-publish"],"yoast_head":"<!-- This site is optimized with the Yoast SEO plugin v27.1.1 - https:\/\/yoast.com\/product\/yoast-seo-wordpress\/ -->\n<title>Camera Morgensonne - Unterthurnerhof in Vernuer - Urlaub auf dem Bauernhof in Passeiertal in S\u00fcdtirol<\/title>\n<meta name=\"robots\" content=\"index, follow, max-snippet:-1, max-image-preview:large, max-video-preview:-1\" \/>\n<link rel=\"canonical\" href=\"https:\/\/unterthurnerhof.com\/it\/camera-morgensonne\/\" \/>\n<meta property=\"og:locale\" content=\"it_IT\" \/>\n<meta property=\"og:type\" content=\"article\" \/>\n<meta property=\"og:title\" content=\"Camera Morgensonne - Unterthurnerhof in Vernuer - Urlaub auf dem Bauernhof in Passeiertal in S\u00fcdtirol\" \/>\n<meta property=\"og:description\" content=\"[vc_row type=&#8221;in_container&#8221; full_screen_row_position=&#8221;middle&#8221; column_margin=&#8221;default&#8221; column_direction=&#8221;default&#8221; column_direction_tablet=&#8221;default&#8221; column_direction_phone=&#8221;default&#8221; scene_position=&#8221;center&#8221; top_padding=&#8221;4%&#8221; bottom_padding=&#8221;3%&#8221; text_color=&#8221;dark&#8221; text_align=&#8221;left&#8221; row_border_radius=&#8221;none&#8221; row_border_radius_applies=&#8221;bg&#8221; overflow=&#8221;visible&#8221; overlay_strength=&#8221;0.3&#8243; gradient_direction=&#8221;left_to_right&#8221; shape_divider_position=&#8221;bottom&#8221; bg_image_animation=&#8221;none&#8221; shape_type=&#8221;&#8221;][vc_column column_padding=&#8221;no-extra-padding&#8221; column_padding_tablet=&#8221;inherit&#8221; column_padding_phone=&#8221;inherit&#8221; column_padding_position=&#8221;all&#8221; column_element_direction_desktop=&#8221;default&#8221; column_element_spacing=&#8221;default&#8221; desktop_text_alignment=&#8221;default&#8221; tablet_text_alignment=&#8221;default&#8221; phone_text_alignment=&#8221;default&#8221; background_color_opacity=&#8221;1&#8243;...\" \/>\n<meta property=\"og:url\" content=\"https:\/\/unterthurnerhof.com\/it\/camera-morgensonne\/\" \/>\n<meta property=\"og:site_name\" content=\"Unterthurnerhof in Vernuer - Urlaub auf dem Bauernhof in Passeiertal in S\u00fcdtirol\" \/>\n<meta property=\"article:modified_time\" content=\"2025-12-10T11:20:06+00:00\" \/>\n<meta property=\"og:image\" content=\"https:\/\/unterthurnerhof.com\/wordpress\/wp-content\/uploads\/2019\/07\/berg-icon.png\" \/>\n\t<meta property=\"og:image:width\" content=\"65\" \/>\n\t<meta property=\"og:image:height\" content=\"33\" \/>\n\t<meta property=\"og:image:type\" content=\"image\/png\" \/>\n<script type=\"application\/ld+json\" class=\"yoast-schema-graph\">{\"@context\":\"https:\/\/schema.org\",\"@graph\":[{\"@type\":\"WebPage\",\"@id\":\"https:\/\/unterthurnerhof.com\/it\/camera-morgensonne\/\",\"url\":\"https:\/\/unterthurnerhof.com\/it\/camera-morgensonne\/\",\"name\":\"Camera Morgensonne - Unterthurnerhof in Vernuer - Urlaub auf dem Bauernhof in Passeiertal in S\u00fcdtirol\",\"isPartOf\":{\"@id\":\"https:\/\/unterthurnerhof.com\/#website\"},\"primaryImageOfPage\":{\"@id\":\"https:\/\/unterthurnerhof.com\/it\/camera-morgensonne\/#primaryimage\"},\"image\":{\"@id\":\"https:\/\/unterthurnerhof.com\/it\/camera-morgensonne\/#primaryimage\"},\"thumbnailUrl\":\"https:\/\/unterthurnerhof.com\/wordpress\/wp-content\/uploads\/2019\/07\/berg-icon.png\",\"datePublished\":\"2019-07-16T09:13:58+00:00\",\"dateModified\":\"2025-12-10T11:20:06+00:00\",\"breadcrumb\":{\"@id\":\"https:\/\/unterthurnerhof.com\/it\/camera-morgensonne\/#breadcrumb\"},\"inLanguage\":\"it-IT\",\"potentialAction\":[{\"@type\":\"ReadAction\",\"target\":[\"https:\/\/unterthurnerhof.com\/it\/camera-morgensonne\/\"]}]},{\"@type\":\"ImageObject\",\"inLanguage\":\"it-IT\",\"@id\":\"https:\/\/unterthurnerhof.com\/it\/camera-morgensonne\/#primaryimage\",\"url\":\"https:\/\/unterthurnerhof.com\/wordpress\/wp-content\/uploads\/2019\/07\/berg-icon.png\",\"contentUrl\":\"https:\/\/unterthurnerhof.com\/wordpress\/wp-content\/uploads\/2019\/07\/berg-icon.png\"},{\"@type\":\"BreadcrumbList\",\"@id\":\"https:\/\/unterthurnerhof.com\/it\/camera-morgensonne\/#breadcrumb\",\"itemListElement\":[{\"@type\":\"ListItem\",\"position\":1,\"name\":\"Start\",\"item\":\"https:\/\/unterthurnerhof.com\/it\/home\/\"},{\"@type\":\"ListItem\",\"position\":2,\"name\":\"Camera Morgensonne\"}]},{\"@type\":\"WebSite\",\"@id\":\"https:\/\/unterthurnerhof.com\/#website\",\"url\":\"https:\/\/unterthurnerhof.com\/\",\"name\":\"Unterthurnerhof in Vernuer - Urlaub auf dem Bauernhof in Passeiertal in S\u00fcdtirol\",\"description\":\"Ruhig gelegene Doppelzimmer in Vernuer oberhalb von Riffian\",\"publisher\":{\"@id\":\"https:\/\/unterthurnerhof.com\/#organization\"},\"potentialAction\":[{\"@type\":\"SearchAction\",\"target\":{\"@type\":\"EntryPoint\",\"urlTemplate\":\"https:\/\/unterthurnerhof.com\/?s={search_term_string}\"},\"query-input\":{\"@type\":\"PropertyValueSpecification\",\"valueRequired\":true,\"valueName\":\"search_term_string\"}}],\"inLanguage\":\"it-IT\"},{\"@type\":\"Organization\",\"@id\":\"https:\/\/unterthurnerhof.com\/#organization\",\"name\":\"Unterthurnerhof in Vernuer - Urlaub auf dem Bauernhof in Passeiertal in S\u00fcdtirol\",\"url\":\"https:\/\/unterthurnerhof.com\/\",\"logo\":{\"@type\":\"ImageObject\",\"inLanguage\":\"it-IT\",\"@id\":\"https:\/\/unterthurnerhof.com\/#\/schema\/logo\/image\/\",\"url\":\"https:\/\/unterthurnerhof.com\/wordpress\/wp-content\/uploads\/2019\/08\/cropped-Unterthurnerhof-Favicon.png\",\"contentUrl\":\"https:\/\/unterthurnerhof.com\/wordpress\/wp-content\/uploads\/2019\/08\/cropped-Unterthurnerhof-Favicon.png\",\"width\":512,\"height\":512,\"caption\":\"Unterthurnerhof in Vernuer - Urlaub auf dem Bauernhof in Passeiertal in S\u00fcdtirol\"},\"image\":{\"@id\":\"https:\/\/unterthurnerhof.com\/#\/schema\/logo\/image\/\"}}]}<\/script>\n<!-- \/ Yoast SEO plugin. -->","yoast_head_json":{"title":"Camera Morgensonne - Unterthurnerhof in Vernuer - Urlaub auf dem Bauernhof in Passeiertal in S\u00fcdtirol","robots":{"index":"index","follow":"follow","max-snippet":"max-snippet:-1","max-image-preview":"max-image-preview:large","max-video-preview":"max-video-preview:-1"},"canonical":"https:\/\/unterthurnerhof.com\/it\/camera-morgensonne\/","og_locale":"it_IT","og_type":"article","og_title":"Camera Morgensonne - Unterthurnerhof in Vernuer - Urlaub auf dem Bauernhof in Passeiertal in S\u00fcdtirol","og_description":"[vc_row type=&#8221;in_container&#8221; full_screen_row_position=&#8221;middle&#8221; column_margin=&#8221;default&#8221; column_direction=&#8221;default&#8221; column_direction_tablet=&#8221;default&#8221; column_direction_phone=&#8221;default&#8221; scene_position=&#8221;center&#8221; top_padding=&#8221;4%&#8221; bottom_padding=&#8221;3%&#8221; text_color=&#8221;dark&#8221; text_align=&#8221;left&#8221; row_border_radius=&#8221;none&#8221; row_border_radius_applies=&#8221;bg&#8221; overflow=&#8221;visible&#8221; overlay_strength=&#8221;0.3&#8243; gradient_direction=&#8221;left_to_right&#8221; shape_divider_position=&#8221;bottom&#8221; bg_image_animation=&#8221;none&#8221; shape_type=&#8221;&#8221;][vc_column column_padding=&#8221;no-extra-padding&#8221; column_padding_tablet=&#8221;inherit&#8221; column_padding_phone=&#8221;inherit&#8221; column_padding_position=&#8221;all&#8221; column_element_direction_desktop=&#8221;default&#8221; column_element_spacing=&#8221;default&#8221; desktop_text_alignment=&#8221;default&#8221; tablet_text_alignment=&#8221;default&#8221; phone_text_alignment=&#8221;default&#8221; background_color_opacity=&#8221;1&#8243;...","og_url":"https:\/\/unterthurnerhof.com\/it\/camera-morgensonne\/","og_site_name":"Unterthurnerhof in Vernuer - Urlaub auf dem Bauernhof in Passeiertal in S\u00fcdtirol","article_modified_time":"2025-12-10T11:20:06+00:00","og_image":[{"width":65,"height":33,"url":"https:\/\/unterthurnerhof.com\/wordpress\/wp-content\/uploads\/2019\/07\/berg-icon.png","type":"image\/png"}],"schema":{"@context":"https:\/\/schema.org","@graph":[{"@type":"WebPage","@id":"https:\/\/unterthurnerhof.com\/it\/camera-morgensonne\/","url":"https:\/\/unterthurnerhof.com\/it\/camera-morgensonne\/","name":"Camera Morgensonne - Unterthurnerhof in Vernuer - Urlaub auf dem Bauernhof in Passeiertal in S\u00fcdtirol","isPartOf":{"@id":"https:\/\/unterthurnerhof.com\/#website"},"primaryImageOfPage":{"@id":"https:\/\/unterthurnerhof.com\/it\/camera-morgensonne\/#primaryimage"},"image":{"@id":"https:\/\/unterthurnerhof.com\/it\/camera-morgensonne\/#primaryimage"},"thumbnailUrl":"https:\/\/unterthurnerhof.com\/wordpress\/wp-content\/uploads\/2019\/07\/berg-icon.png","datePublished":"2019-07-16T09:13:58+00:00","dateModified":"2025-12-10T11:20:06+00:00","breadcrumb":{"@id":"https:\/\/unterthurnerhof.com\/it\/camera-morgensonne\/#breadcrumb"},"inLanguage":"it-IT","potentialAction":[{"@type":"ReadAction","target":["https:\/\/unterthurnerhof.com\/it\/camera-morgensonne\/"]}]},{"@type":"ImageObject","inLanguage":"it-IT","@id":"https:\/\/unterthurnerhof.com\/it\/camera-morgensonne\/#primaryimage","url":"https:\/\/unterthurnerhof.com\/wordpress\/wp-content\/uploads\/2019\/07\/berg-icon.png","contentUrl":"https:\/\/unterthurnerhof.com\/wordpress\/wp-content\/uploads\/2019\/07\/berg-icon.png"},{"@type":"BreadcrumbList","@id":"https:\/\/unterthurnerhof.com\/it\/camera-morgensonne\/#breadcrumb","itemListElement":[{"@type":"ListItem","position":1,"name":"Start","item":"https:\/\/unterthurnerhof.com\/it\/home\/"},{"@type":"ListItem","position":2,"name":"Camera Morgensonne"}]},{"@type":"WebSite","@id":"https:\/\/unterthurnerhof.com\/#website","url":"https:\/\/unterthurnerhof.com\/","name":"Unterthurnerhof in Vernuer - Urlaub auf dem Bauernhof in Passeiertal in S\u00fcdtirol","description":"Ruhig gelegene Doppelzimmer in Vernuer oberhalb von Riffian","publisher":{"@id":"https:\/\/unterthurnerhof.com\/#organization"},"potentialAction":[{"@type":"SearchAction","target":{"@type":"EntryPoint","urlTemplate":"https:\/\/unterthurnerhof.com\/?s={search_term_string}"},"query-input":{"@type":"PropertyValueSpecification","valueRequired":true,"valueName":"search_term_string"}}],"inLanguage":"it-IT"},{"@type":"Organization","@id":"https:\/\/unterthurnerhof.com\/#organization","name":"Unterthurnerhof in Vernuer - Urlaub auf dem Bauernhof in Passeiertal in S\u00fcdtirol","url":"https:\/\/unterthurnerhof.com\/","logo":{"@type":"ImageObject","inLanguage":"it-IT","@id":"https:\/\/unterthurnerhof.com\/#\/schema\/logo\/image\/","url":"https:\/\/unterthurnerhof.com\/wordpress\/wp-content\/uploads\/2019\/08\/cropped-Unterthurnerhof-Favicon.png","contentUrl":"https:\/\/unterthurnerhof.com\/wordpress\/wp-content\/uploads\/2019\/08\/cropped-Unterthurnerhof-Favicon.png","width":512,"height":512,"caption":"Unterthurnerhof in Vernuer - Urlaub auf dem Bauernhof in Passeiertal in S\u00fcdtirol"},"image":{"@id":"https:\/\/unterthurnerhof.com\/#\/schema\/logo\/image\/"}}]}},"_links":{"self":[{"href":"https:\/\/unterthurnerhof.com\/it\/wp-json\/wp\/v2\/pages\/1920","targetHints":{"allow":["GET"]}}],"collection":[{"href":"https:\/\/unterthurnerhof.com\/it\/wp-json\/wp\/v2\/pages"}],"about":[{"href":"https:\/\/unterthurnerhof.com\/it\/wp-json\/wp\/v2\/types\/page"}],"author":[{"embeddable":true,"href":"https:\/\/unterthurnerhof.com\/it\/wp-json\/wp\/v2\/users\/3"}],"replies":[{"embeddable":true,"href":"https:\/\/unterthurnerhof.com\/it\/wp-json\/wp\/v2\/comments?post=1920"}],"version-history":[{"count":11,"href":"https:\/\/unterthurnerhof.com\/it\/wp-json\/wp\/v2\/pages\/1920\/revisions"}],"predecessor-version":[{"id":3091,"href":"https:\/\/unterthurnerhof.com\/it\/wp-json\/wp\/v2\/pages\/1920\/revisions\/3091"}],"wp:attachment":[{"href":"https:\/\/unterthurnerhof.com\/it\/wp-json\/wp\/v2\/media?parent=1920"}],"curies":[{"name":"wp","href":"https:\/\/api.w.org\/{rel}","templated":true}]}}